{"id":137,"date":"2022-07-15T13:21:50","date_gmt":"2022-07-15T13:21:50","guid":{"rendered":"https:\/\/nachtdergitarre.de\/?page_id=137"},"modified":"2022-07-15T13:23:56","modified_gmt":"2022-07-15T13:23:56","slug":"datenschutz","status":"publish","type":"page","link":"https:\/\/nachtdergitarre.de\/?page_id=137","title":{"rendered":"Datenschutz"},"content":{"rendered":"\t\t<div data-elementor-type=\"wp-page\" data-elementor-id=\"137\" class=\"elementor elementor-137\" data-elementor-post-type=\"page\">\n\t\t\t\t\t\t<section class=\"elementor-section elementor-top-section elementor-element elementor-element-d87a68a elementor-section-boxed elementor-section-height-default elementor-section-height-default\" data-id=\"d87a68a\" data-element_type=\"section\">\n\t\t\t\t\t\t<div class=\"elementor-container elementor-column-gap-default\">\n\t\t\t\t\t<div class=\"elementor-column elementor-col-100 elementor-top-column elementor-element elementor-element-b9147a8\" data-id=\"b9147a8\" data-element_type=\"column\">\n\t\t\t<div class=\"elementor-widget-wrap elementor-element-populated\">\n\t\t\t\t\t\t<div class=\"elementor-element elementor-element-5d2180b elementor-widget elementor-widget-spacer\" data-id=\"5d2180b\" data-element_type=\"widget\" data-widget_type=\"spacer.default\">\n\t\t\t\t<div class=\"elementor-widget-container\">\n\t\t\t\t\t\t\t<div class=\"elementor-spacer\">\n\t\t\t<div class=\"elementor-spacer-inner\"><\/div>\n\t\t<\/div>\n\t\t\t\t\t\t<\/div>\n\t\t\t\t<\/div>\n\t\t\t\t<div class=\"elementor-element elementor-element-567aacb elementor-widget elementor-widget-heading\" data-id=\"567aacb\" data-element_type=\"widget\" data-widget_type=\"heading.default\">\n\t\t\t\t<div class=\"elementor-widget-container\">\n\t\t\t\t\t<h1 class=\"elementor-heading-title elementor-size-default\">DATENSCHUTZ<\/h1>\t\t\t\t<\/div>\n\t\t\t\t<\/div>\n\t\t\t\t<div class=\"elementor-element elementor-element-06891ae elementor-widget elementor-widget-text-editor\" data-id=\"06891ae\" data-element_type=\"widget\" data-widget_type=\"text-editor.default\">\n\t\t\t\t<div class=\"elementor-widget-container\">\n\t\t\t\t\t\t\t\t\t<section class=\"elementor-section elementor-inner-section elementor-element elementor-element-dec5bbb elementor-section-boxed elementor-section-height-default elementor-section-height-default\" data-id=\"dec5bbb\" data-element_type=\"section\"><div class=\"elementor-container elementor-column-gap-default\"><div class=\"elementor-column elementor-col-100 elementor-inner-column elementor-element elementor-element-c4ee609\" data-id=\"c4ee609\" data-element_type=\"column\"><div class=\"elementor-widget-wrap elementor-element-populated\"><div class=\"elementor-element elementor-element-5ce1151 elementor-drop-cap-yes elementor-drop-cap-view-default elementor-widget elementor-widget-text-editor\" data-id=\"5ce1151\" data-element_type=\"widget\" data-settings=\"{&quot;drop_cap&quot;:&quot;yes&quot;}\" data-widget_type=\"text-editor.default\"><div class=\"elementor-widget-container\"><div class=\"vc_row wpb_row vc_inner vc_row-fluid\"><div class=\"wpb_column vc_column_container vc_col-sm-12\"><div class=\"vc_column-inner \"><div class=\"wpb_wrapper\"><div class=\"wpb_text_column wpb_content_element \"><div class=\"wpb_wrapper\"><h2 class=\"post-title\"><strong><span class=\"posted-on\"><time class=\"entry-date published\" datetime=\"2018-01-29T18:57:34+00:00\">15. Juli 2022<\/time><\/span><\/strong><\/h2><div class=\"entry-meta\"><p><strong>by Nacht der Gitarre<\/strong><\/p><\/div><div class=\"shapely-content dropcaps-content\"><hr \/><p>Wir freuen uns \u00fcber Ihren Besuch auf unserer Internetseite und Ihr Interesse an unserem Unternehmen. Der Schutz Ihrer personenbezogenen Daten ist uns ein wichtiges Anliegen. Personenbezogene Daten sind Informationen \u00fcber pers\u00f6nliche oder sachliche Verh\u00e4ltnisse einer bestimmten oder bestimmbaren nat\u00fcrlichen Person. Darunter fallen z.B. der b\u00fcrgerliche Name, die Anschrift, die Telefonnummer und das Geburtsdatum, aber auch alle anderen Daten, die auf eine bestimmbare Person bezogen werden k\u00f6nnen.<\/p><p>Da personenbezogene Daten besonderen gesetzlichen Schutz genie\u00dfen, werden sie bei uns nur im soweit dies f\u00fcr die Bereitstellung unserer Internetseite und die Erbringung unserer Leistung erforderlich ist erhoben. Nachfolgend stellen wir dar, welche personenbezogenen Informationen wir w\u00e4hrend Ihres Besuches auf unserer Internetseite erfassen und wie wir diese nutzen.<\/p><p>Unsere Datenschutzpraxis steht im Einklang mit den gesetzlichen Regelungen, insbesondere denen des Bundesdatenschutzgesetzes (BDSG), des Telemediengesetzes (TMG) und der Datenschutzgrundverordnung der EU (DSGVO). Wir werden Ihre personenbezogenen Daten ausschlie\u00dflich erheben, verarbeiten und speichern, soweit dies zur funktionsf\u00e4higen Bereitstellung dieser Internetseite und unserer Inhalte und Leistungen erforderlich ist, sowie zur Bearbeitung von Anfragen und ggf. zur Abwicklung von Vertr\u00e4gen, dies jeweils aber nur, soweit hierf\u00fcr ein berechtigtes Interesse i.S.d. Art. 6 Abs. 1 S.1 lit. f DSGVO oder ein sonstiger Erlaubnistatbestand besteht. Nur wenn Sie zuvor Ihre Einwilligung gesondert erteilt haben, erfolgt eine Nutzung Ihrer Daten auch f\u00fcr weitergehende, in der Einwilligung genau bestimmte Zwecke, z.B. f\u00fcr die \u00dcbersendung von werblichen Informationen per Newsletter.<\/p><h2 class=\"western\"><strong><b>Name und Anschrift der Datenschutzbeauftragten<\/b><\/strong><\/h2><p>Name: Timo Gross<br \/>Anschrift: <br \/>Weinbergs.16<br \/>76887 Bad Bergzabern<br \/>E-Mail: <a href=\"mailto:contact@timogross.com\">contact@timogross.com<\/a><\/p><h2 class=\"western\"><strong><b>Bereitstellung der Website und Erstellung von Logfiles<\/b><\/strong><\/h2><p>Bei jedem Aufruf unserer Internetseite erfasst unser System automatisiert Daten und Informationen des Computersystems des aufrufenden Rechners. Folgende Daten werden hierbei erhoben:<\/p><p><strong><b>Umfang der Verarbeitung der Daten<\/b><\/strong><\/p><p>(1)Informationen \u00fcber den Browsertyp und die verwendete Version<br \/>(2)Das Betriebssystem des Abrufger\u00e4tes<br \/>(3)Die IP-Adresse des Abrufger\u00e4tes<br \/>(4)Datum und Uhrzeit des Zugriffs<br \/>(5)Websites und Ressorucen (Bilder, Dateien, weitere Seiteninhalte), die auf unserer Internetseite aufgerufen wurden.<br \/>(6)Websites, von denen das System des Nutzers auf unsere Internetseite gelangte (Referrer-Tracking)<\/p><p>Diese Daten werden in den Logfiles unseres Systems gespeichert. Eine Speicherung dieser Daten zusammen mit personenbezogenen Daten eines konkreten Nutzers findet nicht statt, so dass eine Identifizierung einzelner Seitenbesucher nicht erfolgt.<\/p><h3 class=\"western\"><strong><b>Rechtsgrundlage f\u00fcr die Verarbeitung personenbezogener Daten<\/b><\/strong><\/h3><p>Art. 6 Abs.1 lit.f DSGVO (berechtigtes Interesse). Unser berechtigtes Interesse besteht darin, die Erreichung des nachfolgend geschilderten Zwecks zu gew\u00e4hrleisten.<\/p><h3 class=\"western\"><strong><b>Zweck der Datenverarbeitung<\/b><\/strong><\/h3><p>Das Logging erfolgt zur Erhaltung der Kompatibilit\u00e4t unsere Internetseite f\u00fcr m\u00f6glichst alle Besucher und zur Missbrauchsbek\u00e4mpfung und St\u00f6rungsbeseitigung. Hierf\u00fcr ist es notwendig, die technischen Daten des abrufenden Rechners zu loggen, um so fr\u00fchestm\u00f6glich auf Darstellungsfehler, Angriffe auf unsere IT-Systeme und\/oder Fehler der Funktionalit\u00e4t unserer Internetseite reagieren zu k\u00f6nnen. Zudem dienen uns die Daten zur Optimierung der Website und zur generellen Sicherstellung der Sicherheit unserer informationstechnischen Systeme.<\/p><h3 class=\"western\"><strong><b>Dauer der Speicherung<\/b><\/strong><\/h3><p>Die L\u00f6schung der vorgenannten technischen Daten erfolgt, sobald sie nicht mehr ben\u00f6tigt werden, um die Kompatibilit\u00e4t der Internetseite f\u00fcr alle Besucher zu gew\u00e4hrleisten, sp\u00e4testens aber 3 Monate nach Abruf unserer Internetseite.<\/p><h3 class=\"western\"><strong><b>Widerspruchs- und Beseitigungsm\u00f6glichkeit<\/b><\/strong><\/h3><p>Die Widerspruchs- und Beseitigungsm\u00f6glichkeiten richten sich nach den nachfolgend in dieser Datenschutzerkl\u00e4rung geschilderten generellen Regelungen zum datenschutzrechtlichen Widerspruchsrecht und L\u00f6schungsanspruch.<\/p><h2 class=\"western\"><strong><b>Besondere Funktionen unserer Internetseite<\/b><\/strong><\/h2><p>Unsere Internetseite bietet Ihnen verschiedene Funktionen, bei deren Nutzung Ihre personenbezogenen Daten von uns erhoben, verarbeitet und gespeichert werden. Nachfolgend erkl\u00e4ren wir, was mit Ihren Daten geschieht:<\/p><h3 class=\"western\"><strong><b>Kontaktformular(e):<\/b><\/strong><\/h3><ul><li><strong><b>Umfang der Verarbeitung personenbezogener Daten:<\/b><\/strong>Die von Ihnen in unsere Kontaktformulare eingegebenen Daten.<\/li><li><strong><b>Rechtsgrundlage f\u00fcr die Verarbeitung personenbezogener Daten:<\/b><\/strong>Art. 6 Abs. 1 lit.a DSGVO (stillschweigende Einwilligung)<\/li><li><strong><b>Zweck der Datenverarbeitung:<\/b><\/strong>Die \u00fcber unser Kontaktformular bzw. \u00fcber unsere Kontaktformulare aufgenommenen Daten werden wir nur f\u00fcr die Bearbeitung der konkreten Kontaktanfrage verwenden, die durch das Kontaktformular eingeht.<\/li><li><strong><b>Dauer der Speicherung:<\/b><\/strong>Nach Bearbeitung Ihrer Anfrage werden die erhobenen Daten unverz\u00fcglich gel\u00f6scht, soweit keine gesetzlichen Aufbewahrungsfristen bestehen.<\/li><li><strong><b>Widerspruchs- und Beseitigungsm\u00f6glichkeit:<\/b><\/strong>Die Widerspruchs- und Beseitigungsm\u00f6glichkeiten richten sich nach den nachfolgend in dieser Datenschutzerkl\u00e4rung geschilderten generellen Regelungen zum datenschutzrechtlichen Widerspruchsrecht und L\u00f6schungsanspruch.<\/li><\/ul><h3 class=\"western\">Bewerbungsformular:<\/h3><ul><li><a name=\"umfangderverarbeitungpersonenbezogenerdaten-2\"><\/a><strong><b>Umfang der Verarbeitung personenbezogener Daten<\/b><\/strong>: Die von Ihnen in die Formularfelder eingegebenen und ggf. hochgeladenen Daten.<\/li><li><a name=\"rechtsgrundlagefrdieverarbeitungpersonenbezogenerdaten-3\"><\/a><strong><b>Rechtsgrundlage f\u00fcr die Verarbeitung personenbezogener Daten<\/b><\/strong>: Art. 6 Abs. 1 lit.b DSGVO (Durchf\u00fchrung vorvertraglicher Ma\u00dfnahmen)<\/li><li><a name=\"zweckderdatenverarbeitung-3\"><\/a><strong><b>Zweck der Datenverarbeitung<\/b><\/strong>: Bearbeitung Ihrer Bewerbung<\/li><li><a name=\"dauerderspeicherung-3\"><\/a><strong><b>Dauer der Speicherung<\/b><\/strong>: die L\u00f6schung der Daten erfolgt, sobald die Bewerbung bearbeitet wurde und kein berechtigtes Interesse an der Speicherung der Bewerbungsdaten mehr besteht. Ihre Bewerbungsunterlagen werden daher, falls es nicht zu einem Arbeitsverh\u00e4ltnis kommt, nach sp\u00e4testens 6 Monaten gel\u00f6scht.<\/li><li><a name=\"widerspruchsundbeseitigungsmglichkeit-3\"><\/a><strong><b>Widerspruchs- und Beseitigungsm\u00f6glichkeit<\/b><\/strong>: die Widerspruchs- und Beseitigungsm\u00f6glichkeiten richten sich nach den nachfolgend in dieser Datenschutzerkl\u00e4rung geschilderten generellen Regelungen zum datenschutzrechtlichen Widerspruchsrecht und L\u00f6schungsanspruch.<\/li><\/ul><h3 class=\"western\"><strong><b>Formular zur Newsletter-Anmeldung:<\/b><\/strong><\/h3><ul><li><strong><b>Umfang der Verarbeitung personenbezogener Daten:<\/b><\/strong>Die von Ihnen bei der Newsletter-Anmeldung eingegebenen Daten.<\/li><li><strong><b>Rechtsgrundlage f\u00fcr die Verarbeitung personenbezogener Daten:<\/b><\/strong>Art. 6 Abs.1 lit. a DSGVO (stillschweigende Einwilligung)<\/li><li><strong><b>Zweck der Datenverarbeitung:<\/b><\/strong>Die in der Anmeldemaske unseres Newsletters aufgenommenen Daten werden von uns ausschlie\u00dflich f\u00fcr den Versand unseres Newsletters verwendet, in dem wir \u00fcber alle unsere Leistungen und unsere Neuigkeiten informieren. Wir werden Ihnen nach der Anmeldung eine Best\u00e4tigungs-E-Mail senden, in der ein Link enthalten ist, den Sie anklicken m\u00fcssen, um die Anmeldung zu unserem Newsletter abzuschlie\u00dfen (Double-Opt-In).<\/li><li><strong><b>Dauer der Speicherung:<\/b><\/strong>Unser Newsletter kann jederzeit durch Anklicken des Abmelde-Links, der auch in jedem Newsletter enthalten ist, abbestellt werden. Ihre Daten werden unverz\u00fcglich nach der Abmeldung von uns gel\u00f6scht. Ebenso werden Ihre Daten im Falle einer nicht abgeschlossenen Anmeldung unverz\u00fcglich von uns gel\u00f6scht. Wir behalten uns die L\u00f6schung ohne Angaben von Gr\u00fcnden und ohne vorherige oder nachtr\u00e4gliche Information vor.<\/li><li><strong><b>Widerspruchs- und Beseitigungsm\u00f6glichkeit:<\/b><\/strong>Die Widerspruchs- und Beseitigungsm\u00f6glichkeiten richten sich nach den nachfolgend in dieser Datenschutzerkl\u00e4rung geschilderten generellen Regelungen zum datenschutzrechtlichen Widerspruchsrecht und L\u00f6schungsanspruch.<\/li><\/ul><h2 class=\"western\"><strong><b>Einbindung externer Webservices und Verarbeitung von Daten au\u00dferhalb der EU<\/b><\/strong><\/h2><p>Auf unserer Internetseite verwenden wir aktive Java-Script-Inhalte von externen Anbietern, sog. Webservices. Durch Aufruf unserer Internetseite erhalten diese externen Anbieter ggf. personenbezogene Informationen \u00fcber Ihren Besuch auf unserer Internetseite. Hierbei ist ggf. eine Verarbeitung von Daten au\u00dferhalb der EU m\u00f6glich. Sie k\u00f6nnen dies verhindern, indem Sie einen Java-Script-Blocker wie z.B. das Browser-Plug-In \u2018NoScript\u2019 installieren (<a href=\"https:\/\/www.noscript.net\/\" target=\"_blank\" rel=\"noopener\"><u>www.noscript.net<\/u><\/a>) oder Java-Script in Ihrem Browser deaktivieren. Hierdurch kann es zu Funktionseinschr\u00e4nkungen auf Internetseiten kommen, die Sie besuchen.<\/p><p>Wir verwenden folgende externe Webservices:<\/p><h3 class=\"western\"><strong><b>Facebook Connect \/ Login<\/b><\/strong><\/h3><p>Auf unserer Seite wird ein Webservice des Unternehmens Facebook, Inc., 1601 Willow Road in 94024 Menlo Park, USA (nachfolgend: Facebook Connect \/ Login) nachgeladen. Wir nutzen diese Daten, um die volle Funktionalit\u00e4t unserer Webseite zu gew\u00e4hrleisten. In diesem Zusammenhang wird Ihr Browser ggf. personenbezogene Daten an Facebook Connect \/ Login \u00fcbermitteln. Rechtsgrundlage f\u00fcr die Datenverarbeitung ist Art. 6 Abs.1 lit. f DSGVO. Das berechtigte Interesse besteht in einer fehlerfreien Funktion der Internetseite. Facebook Connect \/ Login hat sich im Rahmen des EU-US-Privacy-Shield-Abkommens selbst zertifiziert (vgl.<a href=\"https:\/\/www.privacyshield.gov\/list\" target=\"_blank\" rel=\"noopener\"><u>https:\/\/www.privacyshield.gov\/list<\/u><\/a>). Die L\u00f6schung der Daten erfolgt, sobald der Zweck ihrer Erhebung erf\u00fcllt wurde. Weitere Informationen zum Handling der \u00fcbertragenen Daten finden Sie in der Datenschutzerkl\u00e4rung von Facebook Connect \/ Login:<a href=\"https:\/\/de-de.facebook.com\/privacy\/explanation\" target=\"_blank\" rel=\"noopener\"><u>https:\/\/de-de.facebook.com\/privacy\/explanation<\/u><\/a>. Sie k\u00f6nnen die Erfassung sowie die Verarbeitung Ihrer Daten durch Facebook Connect \/ Login verhindern, indem Sie die Ausf\u00fchrung von Script-Code in Ihrem Browser deaktivieren oder einen Script-Blocker in Ihrem Browser installieren (diesen finden Sie z.B. unter<a href=\"https:\/\/noscript.net\/\" target=\"_blank\" rel=\"noopener\">www.noscript.net<\/a><u>\u00a0<\/u>oder\u00a0<a href=\"https:\/\/ghostery.com\/\" target=\"_blank\" rel=\"noopener\"><u>www.ghostery.com<\/u><\/a>).<\/p><h3 class=\"western\"><strong><b>Google<\/b><\/strong><\/h3><p>Auf unserer Webseite wird ein Webservice des Unternehmens Google LLC, 1600 Amphitheatre Parkway in 94043 Mountain View, USA (nachfolgend: Google) nachgeladen. Wir nutzen diese Daten, um die volle Funktionalit\u00e4t unserer Webseite zu gew\u00e4hrleisten. In diesem Zusammenhang wird Ihr Browser ggf. personenbezogene Daten an Google \u00fcbermitteln. Rechtsgrundlage f\u00fcr die Datenverarbeitung ist Art. 6 Abs.1 lit. f DSGVO. Das berechtigte Interesse besteht in einer fehlerfreien Funktion der Internetseite. Google hat sich im Rahmen des EU-US-Privacy-Shield-Abkommens selbst zertifiziert (vgl.<a href=\"https:\/\/www.privacyshield.gov\/list)\" target=\"_blank\" rel=\"noopener\"><u>https:\/\/www.privacyshield.gov\/list<\/u><\/a><a href=\"https:\/\/www.privacyshield.gov\/list)\" target=\"_blank\" rel=\"noopener\"><u>)<\/u><\/a>. Die L\u00f6schung der Daten erfolgt, sobald der Zweck ihrer Erhebung erf\u00fcllt wurde. Weitere Informationen zum Handling der \u00fcbertragenen Daten finden Sie in der Datenschutzerkl\u00e4rung von Google:<a href=\"https:\/\/www.google.com\/intl\/de\/policies\/privacy\/\" target=\"_blank\" rel=\"noopener\"><u>https:\/\/www.google.com\/intl\/de\/policies\/privacy\/<\/u><\/a>. Sie k\u00f6nnen die Erfassung sowie die Verarbeitung Ihrer Daten durch Google verhindern, indem Sie die Ausf\u00fchrung von Script-Code in Ihrem Browser deaktivieren oder einen Script-Blocker in Ihrem Browser installieren (diesen finden Sie z.B. unter<a href=\"https:\/\/noscript.net\/\" target=\"_blank\" rel=\"noopener\">www.noscript.net<\/a><u>\u00a0<\/u>oder\u00a0<a href=\"http:\/\/www.ghostery.com\/\" target=\"_blank\" rel=\"noopener\"><u>ghostery.com<\/u><\/a>).<\/p><h3 class=\"western\"><strong><b>Google-Apis<\/b><\/strong><\/h3><p>Auf unserer Webseite wird ein Webservice des Unternehmens Google LLC, 1600 Amphitheatre Parkway, 94043 Mountain View (nachfolgend: Google-Apis) nachgeladen. Wir nutzen diese Daten, um die volle Funktionalit\u00e4t unserer Webseite zu gew\u00e4hrleisten. In diesem Zusammenhang wird Ihr Browser ggf. personenbezogene Daten an Google-Apis \u00fcbermitteln. Rechtsgrundlage f\u00fcr die Datenverarbeitung ist Art. 6 Abs.1 lit. f DSGVO. Das berechtigte Interesse besteht in einer fehlerfreien Funktion der Internetseite. Google-Apis hat sich im Rahmen des EU-US-Privacy-Shield-Abkommens selbst zertifiziert (vgl.<a href=\"https:\/\/www.privacyshield.gov\/list\" target=\"_blank\" rel=\"noopener\"><u>https:\/\/www.privacyshield.gov\/list<\/u><\/a>). Die L\u00f6schung der Daten erfolgt, sobald der Zweck ihrer Erhebung erf\u00fcllt wurde. Weitere Informationen zum Handling der \u00fcbertragenen Daten finden Sie in der Datenschutzerkl\u00e4rung von Google-Apis:<a href=\"https:\/\/www.google.com\/intl\/de\/policies\/privacy\/\" target=\"_blank\" rel=\"noopener\"><u>https:\/\/www.google.com\/intl\/de\/policies\/privacy\/<\/u><\/a>. Sie k\u00f6nnen die Erfassung sowie die Verarbeitung Ihrer Daten durch Google-Apis verhindern, indem Sie die Ausf\u00fchrung von Script-Code in Ihrem Browser deaktivieren oder einen Script-Blocker in Ihrem Browser installieren (diesen finden Sie z.B. unter<a href=\"http:\/\/www.noscript.net\/\" target=\"_blank\" rel=\"noopener\">www.noscript.net<\/a><u>\u00a0<\/u>oder<a href=\"http:\/\/www.ghostery.com\/\" target=\"_blank\" rel=\"noopener\"><u>www.ghostery.com<\/u><\/a>).<\/p><h3 class=\"western\"><strong><b>Google Maps<\/b><\/strong><\/h3><p>Auf unserer Webseite wird ein Webservice des Unternehmens Google LLC, 1600 Amphitheatre Parkway in 94043 Mountain View, USA (nachfolgend: Google Maps) nachgeladen. Wir nutzen diese Daten, um die volle Funktionalit\u00e4t unserer Webseite zu gew\u00e4hrleisten. In diesem Zusammenhang wird Ihr Browser ggf. personenbezogene Daten an Google Maps \u00fcbermitteln. Rechtsgrundlage f\u00fcr die Datenverarbeitung ist Art. 6 Abs.1 lit. f DSGVO. Das berechtigte Interesse besteht in einer fehlerfreien Funktion der Internetseite. Google Maps hat sich im Rahmen des EU-US-Privacy-Shield-Abkommens selbst zertifiziert (vgl.<a href=\"https:\/\/www.privacyshield.gov\/list\" target=\"_blank\" rel=\"noopener\"><u>https:\/\/www.privacyshield.gov\/list<\/u><\/a>). Die L\u00f6schung der Daten erfolgt, sobald der Zweck ihrer Erhebung erf\u00fcllt wurde. Weitere Informationen zum Handling der \u00fcbertragenen Daten finden Sie in der Datenschutzerkl\u00e4rung von Google Maps:<a href=\"https:\/\/www.google.com\/intl\/de\/policies\/privacy\/\" target=\"_blank\" rel=\"noopener\"><u>https:\/\/www.google.com\/intl\/de\/policies\/privacy\/<\/u><\/a>. Sie k\u00f6nnen die Erfassung sowie die Verarbeitung Ihrer Daten durch Google Maps verhindern, indem Sie die Ausf\u00fchrung von Script-Code in Ihrem Browser deaktivieren oder einen Script-Blocker in Ihrem Browser installieren (diesen finden Sie z.B. unter\u00a0<a href=\"http:\/\/www.noscript.net\/\" target=\"_blank\" rel=\"noopener\">www.noscript.net<\/a><u>\u00a0<\/u>oder\u00a0<a href=\"http:\/\/www.ghostery.com\/\" target=\"_blank\" rel=\"noopener\"><u>ghostery.com<\/u><\/a>).<\/p><h3 class=\"western\"><strong><b>gstatic<\/b><\/strong><\/h3><p>Auf unserer Webseite wird ein Webservice des Unternehmens Google LLC, 1600 Amphitheatre Parkway in 94043 Mountain View, USA (nachfolgend: gstatic) nachgeladen. Wir nutzen diese Daten, um die volle Funktionalit\u00e4t unserer Webseite zu gew\u00e4hrleisten. In diesem Zusammenhang wird Ihr Browser ggf. personenbezogene Daten an gstatic \u00fcbermitteln. Rechtsgrundlage f\u00fcr die Datenverarbeitung ist Art. 6 Abs.1 lit. f DSGVO. Das berechtigte Interesse besteht in einer fehlerfreien Funktion der Internetseite. gstatic hat sich im Rahmen des EU-US-Privacy-Shield-Abkommens selbst zertifiziert (vgl.<a href=\"https:\/\/www.privacyshield.gov\/list\" target=\"_blank\" rel=\"noopener\"><u>https:\/\/www.privacyshield.gov\/list<\/u><\/a>). Die L\u00f6schung der Daten erfolgt, sobald der Zweck ihrer Erhebung erf\u00fcllt wurde. Weitere Informationen zum Handling der \u00fcbertragenen Daten finden Sie in der Datenschutzerkl\u00e4rung von gstatic:<a href=\"https:\/\/www.google.com\/intl\/de\/policies\/privacy\/\" target=\"_blank\" rel=\"noopener\"><u>https:\/\/www.google.com\/intl\/de\/policies\/privacy\/<\/u><\/a>. Sie k\u00f6nnen die Erfassung sowie die Verarbeitung Ihrer Daten durch gstatic verhindern, indem Sie die Ausf\u00fchrung von Script-Code in Ihrem Browser deaktivieren oder einen Script-Blocker in Ihrem Browser installieren (diesen finden Sie z.B. unter\u00a0<a href=\"https:\/\/noscript.net\/\" target=\"_blank\" rel=\"noopener\">www.noscript.net<\/a><u>\u00a0<\/u>oder\u00a0<a href=\"https:\/\/www.ghostery.com\/\" target=\"_blank\" rel=\"noopener\"><u>www.ghostery.com<\/u><\/a>).<\/p><h3 class=\"western\"><strong><b>Social Plug-In \u2013 \u201eGoogle +\u201c<\/b><\/strong><\/h3><ul><li><strong><b>Umfang der Verarbeitung personenbezogener Daten:<\/b><\/strong>Auf unserer Website haben wir ein Social Plug-In des sozialen Netzwerkes \u201eGoogle +\u201c eingebunden, das von der Google LLC, 1600 Amphitheatre Parkway in 94043 Mountain View, CA, USA (\u201eGoogle +\u201c) betrieben wird. Wenn Sie eine Seite aufrufen, die ein solches Plug-In enth\u00e4lt, stellt Ihr Browser automatisch eine Hintergrund-Verbindung zu den Servern von Google + her. Der Inhalt des Plug-Ins wird von Google + direkt an Ihren Browser \u00fcbermittelt und nur in unsere Seite eingebunden. Durch diese Einbindung erh\u00e4lt Google + die Information, dass Ihr Browser eine konkrete Seite unseres Internetauftritts geladen hat. Dies gilt auch, wenn Sie kein Google +-Profil besitzen oder gerade nicht bei Google + eingeloggt sind. Diese Information (einschlie\u00dflich Ihrer IP-Adresse) wird von Ihrem Browser direkt an einen Server von Google + in die USA \u00fcbermittelt und dort gespeichert. Sind Sie bei Google + eingeloggt, kann Google + den Besuch unserer Website Ihrem Google +-Profil unmittelbar zuordnen. Wenn Sie mit den Plug-Ins interagieren, zum Beispiel den \u201eGef\u00e4llt mir\u201c-Button bet\u00e4tigen oder einen Kommentar abgeben, wird diese Information ebenfalls direkt an einen Server von Google + \u00fcbermittelt und dort gespeichert. Die Informationen werden au\u00dferdem auf Ihrem Google +-Profil ver\u00f6ffentlicht und Ihren Google +-Kontakten, die Sie hierf\u00fcr freigeschaltet haben, angezeigt.<\/li><li><strong><b>Rechtsgrundlage f\u00fcr die Verarbeitung personenbezogener Daten:<\/b><\/strong>6 Abs.1 lit.a DSGVO (soweit Sie sich bei \u201eGoogle +\u201c registriert haben) und Art. 6 Abs.1 lit. f DSGVO (falls Sie sich nicht bei Google + registriert haben). Soweit die Verarbeitung auf Basis des Art. 6 Abs.1 S.1 lit. f DSGVO erfolgt, besteht das berechtigte Interesse des Seitenbetreibers darin, eine Interaktion der Nutzer mit den Inhalten des Seitenbetreibers bei Google + zu erm\u00f6glichen.<\/li><li><strong><b>Zweck der Datenverarbeitung:<\/b><\/strong>Der prim\u00e4re Zweck der Datenerhebung besteht darin, Ihnen eine mit Google + vernetzte M\u00f6glichkeit der sozialen Interaktion zu bieten und unseren Internetauftritt somit interaktiv zu gestalten. Den Umfang der Datenerhebung und die weitere Verarbeitung und Nutzung der von Ihnen hinterlassenen Daten durch Google + sowie Ihre diesbez\u00fcglichen Rechte und Einstellungsm\u00f6glichkeiten zum Schutz Ihrer Privatsph\u00e4re k\u00f6nnen Sie den Datenschutzhinweisen von Google +: (<a href=\"https:\/\/privacy.google.com\/\" target=\"_blank\" rel=\"noopener\"><u>https:\/\/privacy.google.com<\/u><\/a>) entnehmen.<\/li><li><strong><b>Dauer der Speicherung:<\/b><\/strong>Google + wird die f\u00fcr die Bereitstellung des Webservices relevanten Daten solange speichern, wie es notwendig ist. Soweit die Daten gesetzliche Aufbewahrungspflichten unterfallen, erfolgt die L\u00f6schung nach Ablauf der Aufbewahrungspflicht.<\/li><li><strong><b>Widerspruchs- und Beseitigungsm\u00f6glichkeit:<\/b><\/strong>Wenn Sie nicht m\u00f6chten, dass das Social-Plug-In von Google + ausgef\u00fchrt wird, k\u00f6nnen Sie die Ausf\u00fchrung durch die Installation eines sog. Script-Blockers wie z.B. \u201eNoScript\u201c blockieren. Wenn Sie nicht m\u00f6chten, dass Google + die \u00fcber unsere Website gesammelten Daten Ihrem Google +-Profil zuordnet, m\u00fcssen Sie sich vor Ihrem Besuch unserer Website bei Google + ausloggen. Sie k\u00f6nnen das Laden der Google + Plug-Ins auch gezielt mit Add-Ons f\u00fcr Ihren Browser verhindern.<br \/>f\u00fcr Mozilla Firefox:<a href=\"https:\/\/addons.mozilla.org\/de\/firefox\/\" target=\"_blank\" rel=\"noopener\"><u>https:\/\/addons.mozilla.org\/de\/firefox\/<\/u><\/a><br \/>f\u00fcr Opera:<a href=\"https:\/\/addons.opera.com\/de\/\" target=\"_blank\" rel=\"noopener\"><u>https:\/\/addons.opera.com\/de\/<\/u><\/a><br \/>f\u00fcr Chrome:<a href=\"https:\/\/chrome.google.com\/webstore\/category\/extensions?hl=de\" target=\"_blank\" rel=\"noopener\"><u>https:\/\/chrome.google.com\/webstore\/category\/extensions?hl=de<\/u><\/a><br \/>Die Widerspruchs- und Beseitigungsm\u00f6glichkeiten richten sich im \u00dcbrigen nach den nachfolgend in dieser Datenschutzerkl\u00e4rung geschilderten generellen Regelungen zum datenschutzrechtlichen Widerspruchsrecht und L\u00f6schungsanspruch.<\/li><\/ul><h3 class=\"western\"><strong><b>Social Plug-In \u2013 \u201eFacebook\u201c<\/b><\/strong><\/h3><ul><li><strong><b>Umfang der Verarbeitung personenbezogener Daten:<\/b><\/strong>Auf unserer Website haben wir ein Social Plug-In des sozialen Netzwerkes \u201eFacebook\u201c eingebunden, das von der Facebook, Inc., 1601 Willow Road in 94024 Menlo Park, USA (\u201eFacebook\u201c) betrieben wird. Wenn Sie eine Seite aufrufen, die ein solches Plug-In enth\u00e4lt, stellt Ihr Browser automatisch eine Hintergrund-Verbindung zu den Servern von Facebook her. Der Inhalt des Plug-Ins wird von Facebook direkt an Ihren Browser \u00fcbermittelt und nur in unsere Seite eingebunden. Durch diese Einbindung erh\u00e4lt Facebook die Information, dass Ihr Browser eine konkrete Seite unseres Internetauftritts geladen hat. Dies gilt auch, wenn Sie kein Facebook-Profil besitzen oder gerade nicht bei Facebook eingeloggt sind. Diese Information (einschlie\u00dflich Ihrer IP-Adresse) wird von Ihrem Browser direkt an einen Server von Facebook in die USA \u00fcbermittelt und dort gespeichert. Sind Sie bei Facebook eingeloggt, kann Facebook den Besuch unserer Website Ihrem Facebook-Profil unmittelbar zuordnen. Wenn Sie mit den Plug-Ins interagieren, zum Beispiel den \u201eGef\u00e4llt mir\u201c-Button bet\u00e4tigen oder einen Kommentar abgeben, wird diese Information ebenfalls direkt an einen Server von Facebook \u00fcbermittelt und dort gespeichert. Die Informationen werden au\u00dferdem auf Ihrem Facebook-Profil ver\u00f6ffentlicht und Ihren Facebook-Kontakten, die Sie hierf\u00fcr freigeschaltet haben, angezeigt.<\/li><li><strong><b>Rechtsgrundlage f\u00fcr die Verarbeitung personenbezogener Daten:<\/b><\/strong>6 Abs.1 lit.a DSGVO (soweit Sie sich bei \u201eFacebook\u201c registriert haben) und Art. 6 Abs.1 lit. f DSGVO (falls Sie sich nicht bei Facebook registriert haben). Soweit die Verarbeitung auf Basis des Art. 6 Abs.1 S.1 lit. f DSGVO erfolgt, besteht das berechtigte Interesse des Seitenbetreibers darin, eine Interaktion der Nutzer mit den Inhalten des Seitenbetreibers bei Facebook zu erm\u00f6glichen.<\/li><li><strong><b>Zweck der Datenverarbeitung:<\/b><\/strong>Der prim\u00e4re Zweck der Datenerhebung besteht darin, Ihnen eine mit Facebook vernetzte M\u00f6glichkeit der sozialen Interaktion zu bieten und unseren Internetauftritt somit interaktiv zu gestalten. Den Umfang der Datenerhebung und die weitere Verarbeitung und Nutzung der von Ihnen hinterlassenen Daten durch Facebook sowie Ihre diesbez\u00fcglichen Rechte und Einstellungsm\u00f6glichkeiten zum Schutz Ihrer Privatsph\u00e4re k\u00f6nnen Sie den Datenschutzhinweisen von Facebook: (<a href=\"https:\/\/www.facebook.com\/privacy\/explanation\" target=\"_blank\" rel=\"noopener\"><u>https:\/\/www.facebook.com\/privacy\/explanation<\/u><\/a>) entnehmen.<\/li><li><strong><b>Dauer der Speicherung:<\/b><\/strong>Facebook wird die f\u00fcr die Bereitstellung des Webservices relevanten Daten solange speichern, wie es notwendig ist. Soweit die Daten gesetzliche Aufbewahrungspflichten unterfallen, erfolgt die L\u00f6schung nach Ablauf der Aufbewahrungspflicht.<\/li><li><strong><b>Widerspruchs- und Beseitigungsm\u00f6glichkeit:<\/b><\/strong>Wenn Sie nicht m\u00f6chten, dass das Social-Plug-In von Facebook ausgef\u00fchrt wird, k\u00f6nnen Sie die Ausf\u00fchrung durch die Installation eines sog. Script-Blockers wie z.B. \u201eNoScript\u201c blockieren. Wenn Sie nicht m\u00f6chten, dass Facebook die \u00fcber unsere Website gesammelten Daten Ihrem Facebook-Profil zuordnet, m\u00fcssen Sie sich vor Ihrem Besuch unserer Website bei Facebook ausloggen. Sie k\u00f6nnen das Laden der Facebook Plug-Ins auch gezielt mit Add-Ons f\u00fcr Ihren Browser verhindern.<br \/>f\u00fcr Mozilla Firefox:<a href=\"https:\/\/addons.mozilla.org\/de\/firefox\/\" target=\"_blank\" rel=\"noopener\"><u>https:\/\/addons.mozilla.org\/de\/firefox\/<\/u><\/a><br \/>f\u00fcr Opera:<a href=\"https:\/\/addons.opera.com\/de\/\" target=\"_blank\" rel=\"noopener\"><u>https:\/\/addons.opera.com\/de\/<\/u><\/a><br \/>f\u00fcr Chrome:<a href=\"https:\/\/chrome.google.com\/webstore\/category\/extensions?hl=de\" target=\"_blank\" rel=\"noopener\"><u>https:\/\/chrome.google.com\/webstore\/category\/extensions?hl=de<\/u><\/a><br \/>Die Widerspruchs- und Beseitigungsm\u00f6glichkeiten richten sich im \u00dcbrigen nach den nachfolgend in dieser Datenschutzerkl\u00e4rung geschilderten generellen Regelungen zum datenschutzrechtlichen Widerspruchsrecht und L\u00f6schungsanspruch.<\/li><\/ul><h3 class=\"western\"><strong><b>ytimg<\/b><\/strong><\/h3><p>Auf unserer Seite wird ein Webservice des Unternehmens Google LLC, 1600 Amphitheatre ParkWebsite Analyticsy in 94043 Mountain View, USA (nachfolgend: ytimg) nachgeladen. Wir nutzen diese Daten, um die volle Funktionalit\u00e4t unserer Webseite zu gew\u00e4hrleisten. In diesem Zusammenhang wird Ihr Browser ggf. personenbezogene Daten an ytimg \u00fcbermitteln. Rechtsgrundlage f\u00fcr die Datenverarbeitung ist Art. 6 Abs.1 lit. f DSGVO. Das berechtigte Interesse besteht in einer fehlerfreien Funktion der Internetseite. ytimg hat sich im Rahmen des EU-US-Privacy-Shield-Abkommens selbst zertifiziert (vgl.<a href=\"https:\/\/www.privacyshield.gov\/list\" target=\"_blank\" rel=\"noopener\"><u>https:\/\/www.privacyshield.gov\/list<\/u><\/a>). Die L\u00f6schung der Daten erfolgt, sobald der Zweck ihrer Erhebung erf\u00fcllt wurde. Weitere Informationen zum Handling der \u00fcbertragenen Daten finden Sie in der Datenschutzerkl\u00e4rung von ytimg:<a href=\"https:\/\/www.google.de\/intl\/de\/policies\/privacy\/\" target=\"_blank\" rel=\"noopener\"><u>https:\/\/www.google.de\/intl\/de\/policies\/privacy\/<\/u><\/a>. Sie k\u00f6nnen die Erfassung sowie die Verarbeitung Ihrer Daten durch ytimg verhindern, indem Sie die Ausf\u00fchrung von Script-Code in Ihrem Browser deaktivieren oder einen Script-Blocker in Ihrem Browser installieren (diesen finden Sie z.B. unter<a href=\"http:\/\/www.noscript.net\/\" target=\"_blank\" rel=\"noopener\">www.noscript.net<\/a><u>\u00a0<\/u>oder\u00a0<a href=\"http:\/\/www.ghostery.com\/\" target=\"_blank\" rel=\"noopener\"><u>www.ghostery.com<\/u><\/a>).<\/p><h3 class=\"western\"><strong><b>Youtube<\/b><\/strong><\/h3><p>Auf unserer Seite wird ein Webservice des Unternehmens Google LLC, 1600 Amphitheatre ParkWebsite Analyticsy in 94043 Mountain View, USA (nachfolgend: Youtube) nachgeladen. Wir nutzen diese Daten, um die volle Funktionalit\u00e4t unserer Webseite zu gew\u00e4hrleisten. In diesem Zusammenhang wird Ihr Browser ggf. personenbezogene Daten an Youtube \u00fcbermitteln. Rechtsgrundlage f\u00fcr die Datenverarbeitung ist Art. 6 Abs.1 lit. f DSGVO. Das berechtigte Interesse besteht in einer fehlerfreien Funktion der Internetseite. Youtube hat sich im Rahmen des EU-US-Privacy-Shield-Abkommens selbst zertifiziert (vgl.<a href=\"https:\/\/www.privacyshield.gov\/list\" target=\"_blank\" rel=\"noopener\"><u>https:\/\/www.privacyshield.gov\/list<\/u><\/a>). Die L\u00f6schung der Daten erfolgt, sobald der Zweck ihrer Erhebung erf\u00fcllt wurde. Weitere Informationen zum Handling der \u00fcbertragenen Daten finden Sie in der Datenschutzerkl\u00e4rung von Youtube:<a href=\"https:\/\/www.google.de\/intl\/de\/policies\/privacy\/\" target=\"_blank\" rel=\"noopener\"><u>https:\/\/www.google.de\/intl\/de\/policies\/privacy\/<\/u><\/a>. Sie k\u00f6nnen die Erfassung sowie die Verarbeitung Ihrer Daten durch Youtube verhindern, indem Sie die Ausf\u00fchrung von Script-Code in Ihrem Browser deaktivieren oder einen Script-Blocker in Ihrem Browser installieren (diesen finden Sie z.B. unter\u00a0<a href=\"https:\/\/www.noscript.net\/\" target=\"_blank\" rel=\"noopener\">w<\/a><a href=\"https:\/\/www.noscript.net\/\" target=\"_blank\" rel=\"noopener\">ww.noscript.net<\/a><u>\u00a0<\/u>oder\u00a0<a href=\"http:\/\/www.ghostery.com\/\" target=\"_blank\" rel=\"noopener\"><u>www.ghostery.com<\/u><\/a>).<\/p><h3 class=\"western\"><strong><b>Social Plug-In \u2013 \u201eTwitter\u201c<\/b><\/strong><\/h3><ul><li><strong><b>Umfang der Verarbeitung personenbezogener Daten:<\/b><\/strong>Auf unserer Website haben wir ein Social Plug-In des sozialen Netzwerkes \u201eTwitter\u201c eingebunden, das von der Twitter, Inc., 1355 Market Street, Suite 900, 94103 San Francisco, CA, USA (\u201eTwitter\u201c) betrieben wird. Wenn Sie eine Seite aufrufen, die ein solches Plug-In enth\u00e4lt, stellt Ihr Browser automatisch eine Hintergrund-Verbindung zu den Servern von Twitter her. Der Inhalt des Plug-Ins wird von Twitter direkt an Ihren Browser \u00fcbermittelt und nur in unsere Seite eingebunden. Durch diese Einbindung erh\u00e4lt Twitter die Information, dass Ihr Browser eine konkrete Seite unseres Internetauftritts geladen hat. Dies gilt auch, wenn Sie kein Twitter-Profil besitzen oder gerade nicht bei Twitter eingeloggt sind. Diese Information (einschlie\u00dflich Ihrer IP-Adresse) wird von Ihrem Browser direkt an einen Server von Twitter in die USA \u00fcbermittelt und dort gespeichert. Sind Sie bei Twitter eingeloggt, kann Twitter den Besuch unserer Website Ihrem Twitter-Profil unmittelbar zuordnen. Wenn Sie mit den Plug-Ins interagieren, zum Beispiel den \u201eGef\u00e4llt mir\u201c-Button bet\u00e4tigen oder einen Kommentar abgeben, wird diese Information ebenfalls direkt an einen Server von Twitter \u00fcbermittelt und dort gespeichert. Die Informationen werden au\u00dferdem auf Ihrem Twitter-Profil ver\u00f6ffentlicht und Ihren Twitter-Kontakten, die Sie hierf\u00fcr freigeschaltet haben, angezeigt.<\/li><li><strong><b>Rechtsgrundlage f\u00fcr die Verarbeitung personenbezogener Daten:<\/b><\/strong>Art. 6 Abs.1 lit.a DSGVO (soweit Sie sich bei \u201eTwitter\u201c registriert haben) und Art. 6 Abs.1 lit. f DSGVO (falls Sie sich nicht bei Twitter registriert haben). Soweit die Verarbeitung auf Basis des Art. 6 Abs.1 S.1 lit. f DSGVO erfolgt, besteht das berechtigte Interesse des Seitenbetreibers darin, eine Interaktion der Nutzer mit den Inhalten des Seitenbetreibers bei Twitter zu erm\u00f6glichen.<\/li><li><strong><b>Zweck der Datenverarbeitung:<\/b><\/strong>Der prim\u00e4re Zweck der Datenerhebung besteht darin, Ihnen eine mit Twitter vernetzte M\u00f6glichkeit der sozialen Interaktion zu bieten und unseren Internetauftritt somit interaktiv zu gestalten. Den Umfang der Datenerhebung und die weitere Verarbeitung und Nutzung der von Ihnen hinterlassenen Daten durch Twitter sowie Ihre diesbez\u00fcglichen Rechte und Einstellungsm\u00f6glichkeiten zum Schutz Ihrer Privatsph\u00e4re k\u00f6nnen Sie den Datenschutzhinweisen von Twitter: (<a href=\"https:\/\/twitter.com\/de\/privacy\" target=\"_blank\" rel=\"noopener\"><u>https:\/\/twitter.com\/de\/privacy<\/u><\/a>) entnehmen.<\/li><li><strong><b>Dauer der Speicherung:<\/b><\/strong>Twitter wird die f\u00fcr die Bereitstellung des Webservices relevanten Daten solange speichern, wie es notwendig ist. Soweit die Daten gesetzliche Aufbewahrungspflichten unterfallen, erfolgt die L\u00f6schung nach Ablauf der Aufbewahrungspflicht.<\/li><li><strong><b>Widerspruchs- und Beseitigungsm\u00f6glichkeit:<\/b><\/strong>Wenn Sie nicht m\u00f6chten, dass das Social-Plug-In von Twitter ausgef\u00fchrt wird, k\u00f6nnen Sie die Ausf\u00fchrung durch die Installation eines sog. Script-Blockers wie z.B. \u201eNoScript\u201c blockieren. Wenn Sie nicht m\u00f6chten, dass Twitter die \u00fcber unsere Website gesammelten Daten Ihrem Twitter-Profil zuordnet, m\u00fcssen Sie sich vor Ihrem Besuch unserer Website bei Twitter ausloggen. Sie k\u00f6nnen das Laden der Twitter Plug-Ins auch gezielt mit Add-Ons f\u00fcr Ihren Browser verhindern. f\u00fcr Mozilla Firefox:<u>\u00a0<\/u>f\u00fcr Opera:<a href=\"https:\/\/addons.opera.com\/de\/\" target=\"_blank\" rel=\"noopener\">https:\/\/addons.opera.com\/de\/<\/a><u>\u00a0<\/u>f\u00fcr Chrome:<a href=\"https:\/\/chrome.google.com\/webstore\" target=\"_blank\" rel=\"noopener\">https:\/\/chrome.google.com\/webstore<\/a><u>\u00a0<\/u>Die Widerspruchs- und Beseitigungsm\u00f6glichkeiten richten sich im \u00dcbrigen nach den nachfolgend in dieser Datenschutzerkl\u00e4rung geschilderten generellen Regelungen zum datenschutzrechtlichen Widerspruchsrecht und L\u00f6schungsanspruch.<\/li><\/ul><h2 class=\"western\"><strong><b>Unterrichtung \u00fcber die Nutzung von Cookies<\/b><\/strong><\/h2><h3 class=\"western\"><strong><b>Umfang der Verarbeitung personenbezogener Daten<\/b><\/strong><\/h3><p>Auf verschiedenen Seiten verwenden wir Cookies, um die Nutzung bestimmter Funktionen unserer Website zu erm\u00f6glichen. Bei den sog. \u2018Cookies\u2019 handelt es sich um kleine Textdateien, die Ihr Browser auf Ihrem Rechner ablegen kann. Diese Textdateien enthalten eine charakteristische Zeichenfolge, die eine eindeutige Identifizierung des Browsers beim erneuten Aufrufen unserer Website erm\u00f6glichen Der Vorgang des Ablegens einer Cookie-Datei wird auch \u2018ein Cookie setzen\u2019 genannt.<\/p><h3 class=\"western\"><strong><b>Rechtsgrundlage f\u00fcr die Verarbeitung personenbezogener Daten<\/b><\/strong><\/h3><p>Art. 6 Abs.1 lit. f DSGVO (berechtigtes Interesse). Unser berechtigtes Interesse besteht in der Erhaltung der vollen Funktionsf\u00e4higkeit unserer Internetseite, die Steigerung der Bedienbarkeit sowie die Erm\u00f6glichung einer individuelleren Kundenansprache. Eine Identifizierung einzelner Seitenbesucher ist uns mit Hilfe der Cookie-Technologie nur m\u00f6glich, wenn der Seitenbesucher uns zuvor auf Basis einer gesonderten Einwilligung entsprechende personenbezogene Daten \u00fcberlassen hat.<\/p><h3 class=\"western\"><strong><b>Zweck der Datenverarbeitung<\/b><\/strong><\/h3><p>Die Cookies werden von unserer Website gesetzt, um die volle Funktionsf\u00e4higkeit unserer Internetseite zu erhalten und die Bedienbarkeit zu verbessern. Zudem erm\u00f6glicht uns die Cookie-Technologie, einzelne Besucher durch Pseudonyme, z.B. eine individuelle, beliebige ID, wiederzuerkennen, so dass es uns m\u00f6glich ist, individuellere Leistungen anzubieten.<\/p><h3 class=\"western\"><strong><b>Dauer der Speicherung<\/b><\/strong><\/h3><p>Die Speicherung unserer Cookies erfolgt bis zur L\u00f6schung in Ihrem Browser oder, wenn es sich um einen Session-Cookie handelt, bis die Session abgelaufen ist.<\/p><h3 class=\"western\"><strong><b>Widerspruchs- und Beseitigungsm\u00f6glichkeit<\/b><\/strong><\/h3><p>Sie k\u00f6nnen Ihren Browser selbst nach Ihren W\u00fcnschen so einstellen, dass Sie das Setzen von Cookies generell verhindern, nur dar\u00fcber informiert werden, von Fall zu Fall \u00fcber die Annahme von Cookies entscheiden: oder die Annahme von Cookies grunds\u00e4tzlich akzeptieren. Cookies k\u00f6nnen zu unterschiedlichen Zwecken eingesetzt werden, z.B. um zu erkennen, dass Ihr PC schon einmal eine Verbindung zu unserem Webangebot hatte (dauerhafte Cookies) oder um zuletzt angesehene Angebote zu speichern (Sitzungs-Cookies). Wir setzen Cookies ein, um Ihnen einen gesteigerten Benutzerkomfort zu bieten. Um unsere Komfortfunktionen zu nutzen, empfehlen wir Ihnen, die Annahme von Cookies f\u00fcr unser Webangebot zu erlauben.<\/p><p>Die Widerspruchs- und Beseitigungsm\u00f6glichkeiten richten sich im \u00dcbrigen nach den nachfolgend in dieser Datenschutzerkl\u00e4rung geschilderten generellen Regelungen zum datenschutzrechtlichen Widerspruchsrecht und L\u00f6schungsanspruch.<\/p><h3 class=\"western\"><strong><b>Datensicherheit und Datenschutz, Kommunikation per E-Mail<\/b><\/strong><\/h3><p>Ihre personenbezogenen Daten werden durch technische und organisatorische Ma\u00dfnahmen so bei der Erhebung, Speicherung und Verarbeitung gesch\u00fctzt, dass sie f\u00fcr Dritte nicht zug\u00e4nglich sind. Bei einer unverschl\u00fcsselten Kommunikation per E-Mail kann die vollst\u00e4ndige Datensicherheit auf dem \u00dcbertragungsweg zu unseren IT-Systemen von uns nicht gew\u00e4hrleistet werden, sodass wir bei Informationen mit hohem Geheimhaltungsbed\u00fcrfnis eine verschl\u00fcsselte Kommunikation oder den Postweg empfehlen.<\/p><h3 class=\"western\"><strong><b>Widerruf von Einwilligungen \u2013 Datenausk\u00fcnfte und \u00c4nderungsw\u00fcnsche \u2013 L\u00f6schung &amp; Sperrung von Daten<\/b><\/strong><\/h3><p>Sie haben einmal pro Jahr ein Recht auf unentgeltliche Auskunft \u00fcber Ihre gespeicherten Daten sowie jederzeit ein Recht auf Berichtigung, Sperrung oder L\u00f6schung Ihrer Daten. Ihre Daten werden von uns auf erstes Anfordern gel\u00f6scht, falls dem nicht gesetzliche Regelungen entgegenstehen. Sie k\u00f6nnen eine uns erteilte Erlaubnis, Ihre pers\u00f6nlichen Daten zu nutzen, also jederzeit widerrufen. Auskunfts-, L\u00f6schungs- und Berichtigungsw\u00fcnsche zu Ihren Daten und gerne auch Anregungen k\u00f6nnen Sie jederzeit an folgende Adresse senden:<\/p><p>E-Mail: <a href=\"mailto:contact@timogross.com\">contact@timogross.com<\/a><\/p><h2 class=\"western\"><strong><b>Beschwerderecht bei der Aufsichtsbeh\u00f6rde gem. Art. 77 I DSGVO<\/b><\/strong><\/h2><p>Sofern Sie den Verdacht haben, dass auf unserer Seite Ihre Daten rechtswidrig verarbeitet werden, k\u00f6nnen Sie selbstverst\u00e4ndlich jederzeit eine gerichtliche Kl\u00e4rung der Problematik herbeif\u00fchren. Unabh\u00e4ngig davon steht Ihnen die M\u00f6glichkeit zur Verf\u00fcgung, sich an eine Aufsichtsbeh\u00f6rde zu wenden. Das Beschwerderecht steht Ihnen in dem EU-Mitgliedstaat Ihres Aufenthaltsortes, Ihres Arbeitsplatzes und\/oder des Orts des vermeintlichen Versto\u00dfes zu, d.h. Sie k\u00f6nnen die Aufsichtsbeh\u00f6rde, an die Sie sich wenden, an den oben genannten Orten w\u00e4hlen. Die Aufsichtsbeh\u00f6rde, bei der die Beschwerde eingereicht wurde, unterrichtet Sie dann \u00fcber den Stand und die Ergebnisse Ihrer Eingabe, einschlie\u00dflich der M\u00f6glichkeit eines gerichtlichen Rechtsbehelfs nach Art. 78 DSGVO.<\/p><\/div><\/div><\/div><\/div><\/div><\/div><\/div><\/div><\/div><\/div><\/div><\/div><\/section><div class=\"elementor-element elementor-element-349a903 elementor-widget elementor-widget-spacer\" data-id=\"349a903\" data-element_type=\"widget\" data-widget_type=\"spacer.default\"><div class=\"elementor-widget-container\"><div class=\"elementor-spacer\"><div class=\"elementor-spacer-inner\">\u00a0<\/div><\/div><\/div><\/div><div class=\"elementor-element elementor-element-bc329e0 elementor-widget elementor-widget-spacer\" data-id=\"bc329e0\" data-element_type=\"widget\" data-widget_type=\"spacer.default\"><div class=\"elementor-widget-container\"><div class=\"elementor-spacer\">\u00a0<\/div><\/div><\/div>\t\t\t\t\t\t\t\t<\/div>\n\t\t\t\t<\/div>\n\t\t\t\t<div class=\"elementor-element elementor-element-de2e82b elementor-widget elementor-widget-spacer\" data-id=\"de2e82b\" data-element_type=\"widget\" data-widget_type=\"spacer.default\">\n\t\t\t\t<div class=\"elementor-widget-container\">\n\t\t\t\t\t\t\t<div class=\"elementor-spacer\">\n\t\t\t<div class=\"elementor-spacer-inner\"><\/div>\n\t\t<\/div>\n\t\t\t\t\t\t<\/div>\n\t\t\t\t<\/div>\n\t\t\t\t\t<\/div>\n\t\t<\/div>\n\t\t\t\t\t<\/div>\n\t\t<\/section>\n\t\t\t\t<\/div>\n\t\t","protected":false},"excerpt":{"rendered":"<p>DATENSCHUTZ 15. Juli 2022 by Nacht der Gitarre Wir freuen uns \u00fcber Ihren Besuch auf unserer Internetseite und Ihr Interesse an unserem Unternehmen. Der Schutz Ihrer personenbezogenen Daten ist uns ein wichtiges Anliegen. Personenbezogene Daten sind Informationen \u00fcber pers\u00f6nliche oder sachliche Verh\u00e4ltnisse einer bestimmten oder bestimmbaren nat\u00fcrlichen Person. Darunter fallen z.B. der b\u00fcrgerliche Name, die [&hellip;]<\/p>\n","protected":false},"author":1,"featured_media":0,"parent":0,"menu_order":0,"comment_status":"closed","ping_status":"closed","template":"","meta":{"_acf_changed":false,"footnotes":""},"class_list":["post-137","page","type-page","status-publish","hentry"],"acf":[],"yoast_head":"<!-- This site is optimized with the Yoast SEO plugin v25.7 - https:\/\/yoast.com\/wordpress\/plugins\/seo\/ -->\n<title>Datenschutz - Nacht der Gitarre<\/title>\n<meta name=\"robots\" content=\"index, follow, max-snippet:-1, max-image-preview:large, max-video-preview:-1\" \/>\n<link rel=\"canonical\" href=\"https:\/\/nachtdergitarre.de\/?page_id=137\" \/>\n<meta property=\"og:locale\" content=\"de_DE\" \/>\n<meta property=\"og:type\" content=\"article\" \/>\n<meta property=\"og:title\" content=\"Datenschutz - Nacht der Gitarre\" \/>\n<meta property=\"og:description\" content=\"DATENSCHUTZ 15. Juli 2022 by Nacht der Gitarre Wir freuen uns \u00fcber Ihren Besuch auf unserer Internetseite und Ihr Interesse an unserem Unternehmen. Der Schutz Ihrer personenbezogenen Daten ist uns ein wichtiges Anliegen. Personenbezogene Daten sind Informationen \u00fcber pers\u00f6nliche oder sachliche Verh\u00e4ltnisse einer bestimmten oder bestimmbaren nat\u00fcrlichen Person. Darunter fallen z.B. der b\u00fcrgerliche Name, die [&hellip;]\" \/>\n<meta property=\"og:url\" content=\"https:\/\/nachtdergitarre.de\/?page_id=137\" \/>\n<meta property=\"og:site_name\" content=\"Nacht der Gitarre\" \/>\n<meta property=\"article:modified_time\" content=\"2022-07-15T13:23:56+00:00\" \/>\n<meta name=\"twitter:card\" content=\"summary_large_image\" \/>\n<meta name=\"twitter:label1\" content=\"Gesch\u00e4tzte Lesezeit\" \/>\n\t<meta name=\"twitter:data1\" content=\"22\u00a0Minuten\" \/>\n<script type=\"application\/ld+json\" class=\"yoast-schema-graph\">{\"@context\":\"https:\/\/schema.org\",\"@graph\":[{\"@type\":\"WebPage\",\"@id\":\"https:\/\/nachtdergitarre.de\/?page_id=137\",\"url\":\"https:\/\/nachtdergitarre.de\/?page_id=137\",\"name\":\"Datenschutz - Nacht der Gitarre\",\"isPartOf\":{\"@id\":\"https:\/\/nachtdergitarre.de\/#website\"},\"datePublished\":\"2022-07-15T13:21:50+00:00\",\"dateModified\":\"2022-07-15T13:23:56+00:00\",\"breadcrumb\":{\"@id\":\"https:\/\/nachtdergitarre.de\/?page_id=137#breadcrumb\"},\"inLanguage\":\"de\",\"potentialAction\":[{\"@type\":\"ReadAction\",\"target\":[\"https:\/\/nachtdergitarre.de\/?page_id=137\"]}]},{\"@type\":\"BreadcrumbList\",\"@id\":\"https:\/\/nachtdergitarre.de\/?page_id=137#breadcrumb\",\"itemListElement\":[{\"@type\":\"ListItem\",\"position\":1,\"name\":\"Startseite\",\"item\":\"https:\/\/nachtdergitarre.de\/\"},{\"@type\":\"ListItem\",\"position\":2,\"name\":\"Datenschutz\"}]},{\"@type\":\"WebSite\",\"@id\":\"https:\/\/nachtdergitarre.de\/#website\",\"url\":\"https:\/\/nachtdergitarre.de\/\",\"name\":\"Nacht der Gitarre\",\"description\":\"Ralph Brauner und Timo Gross\",\"publisher\":{\"@id\":\"https:\/\/nachtdergitarre.de\/#organization\"},\"potentialAction\":[{\"@type\":\"SearchAction\",\"target\":{\"@type\":\"EntryPoint\",\"urlTemplate\":\"https:\/\/nachtdergitarre.de\/?s={search_term_string}\"},\"query-input\":{\"@type\":\"PropertyValueSpecification\",\"valueRequired\":true,\"valueName\":\"search_term_string\"}}],\"inLanguage\":\"de\"},{\"@type\":\"Organization\",\"@id\":\"https:\/\/nachtdergitarre.de\/#organization\",\"name\":\"Nacht der Gitarre\",\"url\":\"https:\/\/nachtdergitarre.de\/\",\"logo\":{\"@type\":\"ImageObject\",\"inLanguage\":\"de\",\"@id\":\"https:\/\/nachtdergitarre.de\/#\/schema\/logo\/image\/\",\"url\":\"https:\/\/nachtdergitarre.de\/wp-content\/uploads\/2022\/07\/NDG_Logo_2.png\",\"contentUrl\":\"https:\/\/nachtdergitarre.de\/wp-content\/uploads\/2022\/07\/NDG_Logo_2.png\",\"width\":874,\"height\":272,\"caption\":\"Nacht der Gitarre\"},\"image\":{\"@id\":\"https:\/\/nachtdergitarre.de\/#\/schema\/logo\/image\/\"}}]}<\/script>\n<!-- \/ Yoast SEO plugin. -->","yoast_head_json":{"title":"Datenschutz - Nacht der Gitarre","robots":{"index":"index","follow":"follow","max-snippet":"max-snippet:-1","max-image-preview":"max-image-preview:large","max-video-preview":"max-video-preview:-1"},"canonical":"https:\/\/nachtdergitarre.de\/?page_id=137","og_locale":"de_DE","og_type":"article","og_title":"Datenschutz - Nacht der Gitarre","og_description":"DATENSCHUTZ 15. Juli 2022 by Nacht der Gitarre Wir freuen uns \u00fcber Ihren Besuch auf unserer Internetseite und Ihr Interesse an unserem Unternehmen. Der Schutz Ihrer personenbezogenen Daten ist uns ein wichtiges Anliegen. Personenbezogene Daten sind Informationen \u00fcber pers\u00f6nliche oder sachliche Verh\u00e4ltnisse einer bestimmten oder bestimmbaren nat\u00fcrlichen Person. Darunter fallen z.B. der b\u00fcrgerliche Name, die [&hellip;]","og_url":"https:\/\/nachtdergitarre.de\/?page_id=137","og_site_name":"Nacht der Gitarre","article_modified_time":"2022-07-15T13:23:56+00:00","twitter_card":"summary_large_image","twitter_misc":{"Gesch\u00e4tzte Lesezeit":"22\u00a0Minuten"},"schema":{"@context":"https:\/\/schema.org","@graph":[{"@type":"WebPage","@id":"https:\/\/nachtdergitarre.de\/?page_id=137","url":"https:\/\/nachtdergitarre.de\/?page_id=137","name":"Datenschutz - Nacht der Gitarre","isPartOf":{"@id":"https:\/\/nachtdergitarre.de\/#website"},"datePublished":"2022-07-15T13:21:50+00:00","dateModified":"2022-07-15T13:23:56+00:00","breadcrumb":{"@id":"https:\/\/nachtdergitarre.de\/?page_id=137#breadcrumb"},"inLanguage":"de","potentialAction":[{"@type":"ReadAction","target":["https:\/\/nachtdergitarre.de\/?page_id=137"]}]},{"@type":"BreadcrumbList","@id":"https:\/\/nachtdergitarre.de\/?page_id=137#breadcrumb","itemListElement":[{"@type":"ListItem","position":1,"name":"Startseite","item":"https:\/\/nachtdergitarre.de\/"},{"@type":"ListItem","position":2,"name":"Datenschutz"}]},{"@type":"WebSite","@id":"https:\/\/nachtdergitarre.de\/#website","url":"https:\/\/nachtdergitarre.de\/","name":"Nacht der Gitarre","description":"Ralph Brauner und Timo Gross","publisher":{"@id":"https:\/\/nachtdergitarre.de\/#organization"},"potentialAction":[{"@type":"SearchAction","target":{"@type":"EntryPoint","urlTemplate":"https:\/\/nachtdergitarre.de\/?s={search_term_string}"},"query-input":{"@type":"PropertyValueSpecification","valueRequired":true,"valueName":"search_term_string"}}],"inLanguage":"de"},{"@type":"Organization","@id":"https:\/\/nachtdergitarre.de\/#organization","name":"Nacht der Gitarre","url":"https:\/\/nachtdergitarre.de\/","logo":{"@type":"ImageObject","inLanguage":"de","@id":"https:\/\/nachtdergitarre.de\/#\/schema\/logo\/image\/","url":"https:\/\/nachtdergitarre.de\/wp-content\/uploads\/2022\/07\/NDG_Logo_2.png","contentUrl":"https:\/\/nachtdergitarre.de\/wp-content\/uploads\/2022\/07\/NDG_Logo_2.png","width":874,"height":272,"caption":"Nacht der Gitarre"},"image":{"@id":"https:\/\/nachtdergitarre.de\/#\/schema\/logo\/image\/"}}]}},"_links":{"self":[{"href":"https:\/\/nachtdergitarre.de\/index.php?rest_route=\/wp\/v2\/pages\/137","targetHints":{"allow":["GET"]}}],"collection":[{"href":"https:\/\/nachtdergitarre.de\/index.php?rest_route=\/wp\/v2\/pages"}],"about":[{"href":"https:\/\/nachtdergitarre.de\/index.php?rest_route=\/wp\/v2\/types\/page"}],"author":[{"embeddable":true,"href":"https:\/\/nachtdergitarre.de\/index.php?rest_route=\/wp\/v2\/users\/1"}],"replies":[{"embeddable":true,"href":"https:\/\/nachtdergitarre.de\/index.php?rest_route=%2Fwp%2Fv2%2Fcomments&post=137"}],"version-history":[{"count":0,"href":"https:\/\/nachtdergitarre.de\/index.php?rest_route=\/wp\/v2\/pages\/137\/revisions"}],"wp:attachment":[{"href":"https:\/\/nachtdergitarre.de\/index.php?rest_route=%2Fwp%2Fv2%2Fmedia&parent=137"}],"curies":[{"name":"wp","href":"https:\/\/api.w.org\/{rel}","templated":true}]}}